{"id":752,"date":"2023-06-18T17:38:30","date_gmt":"2023-06-18T17:38:30","guid":{"rendered":"http:\/\/hannahdegroth.de\/?page_id=752"},"modified":"2023-09-20T17:56:46","modified_gmt":"2023-09-20T17:56:46","slug":"hannah-degroth","status":"publish","type":"page","link":"https:\/\/hannahdegroth.de\/?page_id=752","title":{"rendered":"Hannah DeGroth"},"content":{"rendered":"<div class=\"wp-block-image\">\n<figure class=\"aligncenter size-large is-resized\"><a href=\"http:\/\/hannahdegroth.de\/wp-content\/uploads\/2019\/04\/lachend.jpg\"><img loading=\"lazy\" decoding=\"async\" src=\"http:\/\/hannahdegroth.de\/wp-content\/uploads\/2019\/04\/lachend-1024x1024.jpg\" alt=\"\" class=\"wp-image-645\" style=\"width:327px;height:327px\" width=\"327\" height=\"327\" srcset=\"https:\/\/hannahdegroth.de\/wp-content\/uploads\/2019\/04\/lachend-1024x1024.jpg 1024w, https:\/\/hannahdegroth.de\/wp-content\/uploads\/2019\/04\/lachend-150x150.jpg 150w, https:\/\/hannahdegroth.de\/wp-content\/uploads\/2019\/04\/lachend-300x300.jpg 300w, https:\/\/hannahdegroth.de\/wp-content\/uploads\/2019\/04\/lachend-768x768.jpg 768w, https:\/\/hannahdegroth.de\/wp-content\/uploads\/2019\/04\/lachend-370x370.jpg 370w, https:\/\/hannahdegroth.de\/wp-content\/uploads\/2019\/04\/lachend-1040x1040.jpg 1040w\" sizes=\"auto, (max-width: 327px) 100vw, 327px\" \/><\/a><\/figure><\/div>\n\n\n<p class=\"has-text-align-center\">Geboren wurde ich 1981 in Oldenburg, einer norddeutschen Stadt in Niedersachsen. Ich bin eine autodidaktische K\u00fcnstlerin in vielen Bereichen. Ich bin Artdirector, Autorin, Synchronsprecher und Tattoo-Artist. Hannah DeGroth ist mein K\u00fcnstlername und steht f\u00fcr die etwas nachdenklichere Art meiner Kunst. Mein geb\u00fcrtiger Name ist Anika B. Grotheer.<\/p>\n\n\n<div class=\"wp-block-image\">\n<figure class=\"aligncenter size-large is-resized\"><a href=\"http:\/\/hannahdegroth.de\/wp-content\/uploads\/2023\/06\/photocollage_2023618165943403.jpg\"><img loading=\"lazy\" decoding=\"async\" src=\"http:\/\/hannahdegroth.de\/wp-content\/uploads\/2023\/06\/photocollage_2023618165943403-1024x575.jpg\" alt=\"\" class=\"wp-image-753\" style=\"width:609px;height:341px\" width=\"609\" height=\"341\" srcset=\"https:\/\/hannahdegroth.de\/wp-content\/uploads\/2023\/06\/photocollage_2023618165943403-1024x575.jpg 1024w, https:\/\/hannahdegroth.de\/wp-content\/uploads\/2023\/06\/photocollage_2023618165943403-300x169.jpg 300w, https:\/\/hannahdegroth.de\/wp-content\/uploads\/2023\/06\/photocollage_2023618165943403-768x431.jpg 768w, https:\/\/hannahdegroth.de\/wp-content\/uploads\/2023\/06\/photocollage_2023618165943403-1536x863.jpg 1536w, https:\/\/hannahdegroth.de\/wp-content\/uploads\/2023\/06\/photocollage_2023618165943403-2048x1150.jpg 2048w, https:\/\/hannahdegroth.de\/wp-content\/uploads\/2023\/06\/photocollage_2023618165943403-1000x562.jpg 1000w, https:\/\/hannahdegroth.de\/wp-content\/uploads\/2023\/06\/photocollage_2023618165943403-230x129.jpg 230w, https:\/\/hannahdegroth.de\/wp-content\/uploads\/2023\/06\/photocollage_2023618165943403-350x197.jpg 350w, https:\/\/hannahdegroth.de\/wp-content\/uploads\/2023\/06\/photocollage_2023618165943403-480x270.jpg 480w\" sizes=\"auto, (max-width: 609px) 100vw, 609px\" \/><\/a><\/figure><\/div>\n\n\n<p class=\"has-text-align-center\">Im Jahr 2007\/08 begann meine Handschrift in der Kunst professioneller zu werden und wenige Jahre sp\u00e4ter widmete ich mich mehr dem Schreiben. Seither verbinde ich beide Genres und so erkennt man meine Bilder auch auf den Buchumschl\u00e4gen.<\/p>\n\n\n<div class=\"wp-block-image\">\n<figure class=\"aligncenter size-large is-resized\"><a href=\"http:\/\/hannahdegroth.de\/wp-content\/uploads\/2023\/09\/allebuecher6-scaled.jpg\"><img loading=\"lazy\" decoding=\"async\" src=\"http:\/\/hannahdegroth.de\/wp-content\/uploads\/2023\/09\/allebuecher6-1024x541.jpg\" alt=\"\" class=\"wp-image-928\" style=\"width:426px;height:224px\" width=\"426\" height=\"224\" srcset=\"https:\/\/hannahdegroth.de\/wp-content\/uploads\/2023\/09\/allebuecher6-1024x541.jpg 1024w, https:\/\/hannahdegroth.de\/wp-content\/uploads\/2023\/09\/allebuecher6-300x159.jpg 300w, https:\/\/hannahdegroth.de\/wp-content\/uploads\/2023\/09\/allebuecher6-768x406.jpg 768w, https:\/\/hannahdegroth.de\/wp-content\/uploads\/2023\/09\/allebuecher6-1536x812.jpg 1536w, https:\/\/hannahdegroth.de\/wp-content\/uploads\/2023\/09\/allebuecher6-2048x1082.jpg 2048w, https:\/\/hannahdegroth.de\/wp-content\/uploads\/2023\/09\/allebuecher6-1000x529.jpg 1000w, https:\/\/hannahdegroth.de\/wp-content\/uploads\/2023\/09\/allebuecher6-230x122.jpg 230w, https:\/\/hannahdegroth.de\/wp-content\/uploads\/2023\/09\/allebuecher6-350x185.jpg 350w, https:\/\/hannahdegroth.de\/wp-content\/uploads\/2023\/09\/allebuecher6-480x254.jpg 480w\" sizes=\"auto, (max-width: 426px) 100vw, 426px\" \/><\/a><\/figure><\/div>\n\n\n<p class=\"has-text-align-center\">2016 und 2017 schafften drei meiner Buchprojekte die Auszeichnung zum BoD-Bestseller. Zudem entwickelte ich ehrenamtlich in diesen Jahren als Artdirector das Halloween Kartenspiel &#8222;Maze Monsters&#8220;, welches komplett zu Gunsten der Kinderkrebshilfe Oldenburg e.V. ging.<\/p>\n\n\n<div class=\"wp-block-image\">\n<figure class=\"aligncenter size-large is-resized\"><a href=\"http:\/\/hannahdegroth.de\/wp-content\/uploads\/2023\/06\/photocollage_2023618171157878.jpg\"><img loading=\"lazy\" decoding=\"async\" src=\"http:\/\/hannahdegroth.de\/wp-content\/uploads\/2023\/06\/photocollage_2023618171157878-1024x575.jpg\" alt=\"\" class=\"wp-image-757\" style=\"width:594px;height:333px\" width=\"594\" height=\"333\" srcset=\"https:\/\/hannahdegroth.de\/wp-content\/uploads\/2023\/06\/photocollage_2023618171157878-1024x575.jpg 1024w, https:\/\/hannahdegroth.de\/wp-content\/uploads\/2023\/06\/photocollage_2023618171157878-300x168.jpg 300w, https:\/\/hannahdegroth.de\/wp-content\/uploads\/2023\/06\/photocollage_2023618171157878-768x431.jpg 768w, https:\/\/hannahdegroth.de\/wp-content\/uploads\/2023\/06\/photocollage_2023618171157878-1000x561.jpg 1000w, https:\/\/hannahdegroth.de\/wp-content\/uploads\/2023\/06\/photocollage_2023618171157878-230x129.jpg 230w, https:\/\/hannahdegroth.de\/wp-content\/uploads\/2023\/06\/photocollage_2023618171157878-350x197.jpg 350w, https:\/\/hannahdegroth.de\/wp-content\/uploads\/2023\/06\/photocollage_2023618171157878-480x270.jpg 480w, https:\/\/hannahdegroth.de\/wp-content\/uploads\/2023\/06\/photocollage_2023618171157878.jpg 1122w\" sizes=\"auto, (max-width: 594px) 100vw, 594px\" \/><\/a><\/figure><\/div>\n\n\n<p>Ende 2018 habe ich <a href=\"https:\/\/www.TattooARTworks.de\">www.TattooARTworks.de<\/a> gegr\u00fcndet, um Kunst auch auf Haut stechen zu k\u00f6nnen.<\/p>\n\n\n<div class=\"wp-block-image\">\n<figure class=\"aligncenter size-large is-resized\"><a href=\"http:\/\/hannahdegroth.de\/wp-content\/uploads\/2023\/09\/Tattoodreiteiler_2-scaled.jpg\"><img loading=\"lazy\" decoding=\"async\" src=\"http:\/\/hannahdegroth.de\/wp-content\/uploads\/2023\/09\/Tattoodreiteiler_2-1024x575.jpg\" alt=\"\" class=\"wp-image-931\" style=\"width:632px;height:354px\" width=\"632\" height=\"354\" srcset=\"https:\/\/hannahdegroth.de\/wp-content\/uploads\/2023\/09\/Tattoodreiteiler_2-1024x575.jpg 1024w, https:\/\/hannahdegroth.de\/wp-content\/uploads\/2023\/09\/Tattoodreiteiler_2-300x169.jpg 300w, https:\/\/hannahdegroth.de\/wp-content\/uploads\/2023\/09\/Tattoodreiteiler_2-768x431.jpg 768w, https:\/\/hannahdegroth.de\/wp-content\/uploads\/2023\/09\/Tattoodreiteiler_2-1536x863.jpg 1536w, https:\/\/hannahdegroth.de\/wp-content\/uploads\/2023\/09\/Tattoodreiteiler_2-2048x1151.jpg 2048w, https:\/\/hannahdegroth.de\/wp-content\/uploads\/2023\/09\/Tattoodreiteiler_2-1000x562.jpg 1000w, https:\/\/hannahdegroth.de\/wp-content\/uploads\/2023\/09\/Tattoodreiteiler_2-230x129.jpg 230w, https:\/\/hannahdegroth.de\/wp-content\/uploads\/2023\/09\/Tattoodreiteiler_2-350x197.jpg 350w, https:\/\/hannahdegroth.de\/wp-content\/uploads\/2023\/09\/Tattoodreiteiler_2-480x270.jpg 480w\" sizes=\"auto, (max-width: 632px) 100vw, 632px\" \/><\/a><\/figure><\/div>\n\n\n<p class=\"has-text-align-center\">Seit Mitte 2023 kreiere ich auch Kunst, die mit KI Unterst\u00fctzung erstellt und digital bearbeitet wird.<\/p>\n\n\n\n<figure class=\"wp-block-gallery has-nested-images columns-default is-cropped wp-block-gallery-1 is-layout-flex wp-block-gallery-is-layout-flex\">\n<figure class=\"wp-block-image size-large\"><a href=\"http:\/\/hannahdegroth.de\/wp-content\/uploads\/2023\/06\/Leonard1.jpg\"><img loading=\"lazy\" decoding=\"async\" width=\"1024\" height=\"1024\" data-id=\"680\" src=\"http:\/\/hannahdegroth.de\/wp-content\/uploads\/2023\/06\/Leonard1.jpg\" alt=\"\" class=\"wp-image-680\" srcset=\"https:\/\/hannahdegroth.de\/wp-content\/uploads\/2023\/06\/Leonard1.jpg 1024w, https:\/\/hannahdegroth.de\/wp-content\/uploads\/2023\/06\/Leonard1-300x300.jpg 300w, https:\/\/hannahdegroth.de\/wp-content\/uploads\/2023\/06\/Leonard1-150x150.jpg 150w, https:\/\/hannahdegroth.de\/wp-content\/uploads\/2023\/06\/Leonard1-768x768.jpg 768w, https:\/\/hannahdegroth.de\/wp-content\/uploads\/2023\/06\/Leonard1-370x370.jpg 370w\" sizes=\"auto, (max-width: 1024px) 100vw, 1024px\" \/><\/a><\/figure>\n\n\n\n<figure class=\"wp-block-image size-large\"><a href=\"http:\/\/hannahdegroth.de\/wp-content\/uploads\/2023\/06\/Anna_im_Sumpf_weich.jpg\"><img loading=\"lazy\" decoding=\"async\" width=\"1024\" height=\"1024\" data-id=\"674\" src=\"http:\/\/hannahdegroth.de\/wp-content\/uploads\/2023\/06\/Anna_im_Sumpf_weich.jpg\" alt=\"\" class=\"wp-image-674\" srcset=\"https:\/\/hannahdegroth.de\/wp-content\/uploads\/2023\/06\/Anna_im_Sumpf_weich.jpg 1024w, https:\/\/hannahdegroth.de\/wp-content\/uploads\/2023\/06\/Anna_im_Sumpf_weich-300x300.jpg 300w, https:\/\/hannahdegroth.de\/wp-content\/uploads\/2023\/06\/Anna_im_Sumpf_weich-150x150.jpg 150w, https:\/\/hannahdegroth.de\/wp-content\/uploads\/2023\/06\/Anna_im_Sumpf_weich-768x768.jpg 768w, https:\/\/hannahdegroth.de\/wp-content\/uploads\/2023\/06\/Anna_im_Sumpf_weich-370x370.jpg 370w\" sizes=\"auto, (max-width: 1024px) 100vw, 1024px\" \/><\/a><\/figure>\n\n\n\n<figure class=\"wp-block-image size-large\"><a href=\"http:\/\/hannahdegroth.de\/wp-content\/uploads\/2023\/06\/Lea_wehendesHaar.jpg\"><img loading=\"lazy\" decoding=\"async\" width=\"1024\" height=\"1024\" data-id=\"679\" src=\"http:\/\/hannahdegroth.de\/wp-content\/uploads\/2023\/06\/Lea_wehendesHaar.jpg\" alt=\"\" class=\"wp-image-679\" srcset=\"https:\/\/hannahdegroth.de\/wp-content\/uploads\/2023\/06\/Lea_wehendesHaar.jpg 1024w, https:\/\/hannahdegroth.de\/wp-content\/uploads\/2023\/06\/Lea_wehendesHaar-300x300.jpg 300w, https:\/\/hannahdegroth.de\/wp-content\/uploads\/2023\/06\/Lea_wehendesHaar-150x150.jpg 150w, https:\/\/hannahdegroth.de\/wp-content\/uploads\/2023\/06\/Lea_wehendesHaar-768x768.jpg 768w, https:\/\/hannahdegroth.de\/wp-content\/uploads\/2023\/06\/Lea_wehendesHaar-370x370.jpg 370w\" sizes=\"auto, (max-width: 1024px) 100vw, 1024px\" \/><\/a><\/figure>\n<\/figure>\n\n\n\n<p class=\"has-text-align-center\">Im September 2023 erschien das erste H\u00f6rbuch zu meinem Vampir-Roman \u201eB\u00f6ses ist relativ\u201c im online Handel (Audibel Deezer &amp; Co), bei dem ich jedem Charakter im Buch, eine eigene Stimme und Klangfarbe geben konnte.<\/p>\n\n\n\n<figure class=\"wp-block-image size-large\"><a href=\"http:\/\/hannahdegroth.de\/wp-content\/uploads\/2023\/09\/hoerbuchmitFotoHannah2-scaled.jpg\"><img loading=\"lazy\" decoding=\"async\" width=\"1024\" height=\"683\" src=\"http:\/\/hannahdegroth.de\/wp-content\/uploads\/2023\/09\/hoerbuchmitFotoHannah2-1024x683.jpg\" alt=\"\" class=\"wp-image-925\" srcset=\"https:\/\/hannahdegroth.de\/wp-content\/uploads\/2023\/09\/hoerbuchmitFotoHannah2-1024x683.jpg 1024w, https:\/\/hannahdegroth.de\/wp-content\/uploads\/2023\/09\/hoerbuchmitFotoHannah2-300x200.jpg 300w, https:\/\/hannahdegroth.de\/wp-content\/uploads\/2023\/09\/hoerbuchmitFotoHannah2-768x512.jpg 768w, https:\/\/hannahdegroth.de\/wp-content\/uploads\/2023\/09\/hoerbuchmitFotoHannah2-1536x1024.jpg 1536w, https:\/\/hannahdegroth.de\/wp-content\/uploads\/2023\/09\/hoerbuchmitFotoHannah2-2048x1365.jpg 2048w, https:\/\/hannahdegroth.de\/wp-content\/uploads\/2023\/09\/hoerbuchmitFotoHannah2-1000x667.jpg 1000w, https:\/\/hannahdegroth.de\/wp-content\/uploads\/2023\/09\/hoerbuchmitFotoHannah2-230x153.jpg 230w, https:\/\/hannahdegroth.de\/wp-content\/uploads\/2023\/09\/hoerbuchmitFotoHannah2-350x233.jpg 350w, https:\/\/hannahdegroth.de\/wp-content\/uploads\/2023\/09\/hoerbuchmitFotoHannah2-480x320.jpg 480w\" sizes=\"auto, (max-width: 1024px) 100vw, 1024px\" \/><\/a><\/figure>\n\n\n\n<p class=\"has-text-align-center\">Es gab in meiner Vergangenheit etliche Situationen, die mich daran hindern wollten, K\u00fcnstlerin zu werden. Sei es die Tatsache, dass ich als Legasthenikerin nicht gerade die Vorzeigekandidatin f\u00fcr einen Schriftstellerberuf war oder aber auch die Begebenheit, dass ich aufgrund einer Autoimmunerkrankung nicht immer in H\u00f6chstform bin, um eine Leinwand zu bemalen. Doch dem gegen\u00fcber stand immer die Leidenschaft, etwas zu schaffen, das Menschen mitrei\u00dft und bewegt. Und neben meinem geh\u00f6rigen Dickkopf ist es die Mannigfaltigkeit des Lebens, aus der ich meine Muse und Kraft ziehe. Ich m\u00f6chte zeigen, dass man nicht verzweifeln muss, auch wenn gro\u00dfe Steine auf dem Weg zum Ziel liegen. Dass wir miteinander und mit etwas Mut, Vieles und Gro\u00dfartiges erreichen k\u00f6nnen. Trotz oder gerade wegen der H\u00fcrden, die auf unseren Wegen liegen. Und so hoffe ich, dass ich auch noch in vielen Jahren unz\u00e4hlige Projekte begleiten, einen Haufen an B\u00fccher schreiben und viel Haut t\u00e4towieren werde.<\/p>\n","protected":false},"excerpt":{"rendered":"<p>Geboren wurde ich 1981 in Oldenburg, einer norddeutschen Stadt in Niedersachsen. Ich bin eine autodidaktische K\u00fcnstlerin in vielen Bereichen. Ich bin Artdirector, [&hellip;]<\/p>\n","protected":false},"author":1,"featured_media":0,"parent":0,"menu_order":0,"comment_status":"closed","ping_status":"closed","template":"","meta":{"footnotes":""},"class_list":["post-752","page","type-page","status-publish","hentry"],"_links":{"self":[{"href":"https:\/\/hannahdegroth.de\/index.php?rest_route=\/wp\/v2\/pages\/752","targetHints":{"allow":["GET"]}}],"collection":[{"href":"https:\/\/hannahdegroth.de\/index.php?rest_route=\/wp\/v2\/pages"}],"about":[{"href":"https:\/\/hannahdegroth.de\/index.php?rest_route=\/wp\/v2\/types\/page"}],"author":[{"embeddable":true,"href":"https:\/\/hannahdegroth.de\/index.php?rest_route=\/wp\/v2\/users\/1"}],"replies":[{"embeddable":true,"href":"https:\/\/hannahdegroth.de\/index.php?rest_route=%2Fwp%2Fv2%2Fcomments&post=752"}],"version-history":[{"count":7,"href":"https:\/\/hannahdegroth.de\/index.php?rest_route=\/wp\/v2\/pages\/752\/revisions"}],"predecessor-version":[{"id":932,"href":"https:\/\/hannahdegroth.de\/index.php?rest_route=\/wp\/v2\/pages\/752\/revisions\/932"}],"wp:attachment":[{"href":"https:\/\/hannahdegroth.de\/index.php?rest_route=%2Fwp%2Fv2%2Fmedia&parent=752"}],"curies":[{"name":"wp","href":"https:\/\/api.w.org\/{rel}","templated":true}]}}